{"id":662,"date":"2023-01-16T18:38:52","date_gmt":"2023-01-16T18:38:52","guid":{"rendered":"http:\/\/wp.haarnet.de\/?page_id=662"},"modified":"2025-06-27T10:20:21","modified_gmt":"2025-06-27T10:20:21","slug":"verkaufsregal","status":"publish","type":"page","link":"http:\/\/wp.haarnet.de\/?page_id=662","title":{"rendered":"Verkaufsregal"},"content":{"rendered":"\n<p>Hier m\u00f6chte ich Euch zuk\u00fcnftig ein paar Dinge und Neuigkeiten \u00fcber meine Verkaufsprodukte im Laden mitteilen. Falls Ihr etwas vorbestellen m\u00f6chtet, oder Fragen zu den Produkten habt, k\u00f6nnt Ihr mich gerne anschreiben. <a rel=\"noreferrer noopener\" href=\"mailto:frank@jaehrling.de\" target=\"_blank\">frank@jaehrling.de <\/a><\/p>\n\n\n\n<p><strong><a href=\"https:\/\/www.effjott.de\/?page_id=883\">Galerie<\/a><\/strong><br><strong><a href=\"http:\/\/wp.haarnet.de\/?page_id=727\">Bartpflege<\/a><\/strong><br><strong><a href=\"http:\/\/wp.haarnet.de\/?page_id=691\">Alpecin Coffein Hair Booster<\/a><\/strong> <br><a href=\"http:\/\/wp.haarnet.de\/?page_id=688\"><strong>Alpecin S1 Sensitiv Shamp<\/strong><\/a>oo<br><strong><a href=\"http:\/\/wp.haarnet.de\/?page_id=681\">Spreadshop<\/a>!<\/strong> Merchandising mit Darmstadt- &amp; Waldkolonie- Bezug<\/p>\n","protected":false},"excerpt":{"rendered":"<p>Hier m\u00f6chte ich Euch zuk\u00fcnftig ein paar Dinge und Neuigkeiten \u00fcber meine Verkaufsprodukte im Laden mitteilen. Falls Ihr etwas vorbestellen<\/p>\n","protected":false},"author":1,"featured_media":0,"parent":0,"menu_order":0,"comment_status":"closed","ping_status":"closed","template":"","meta":{"footnotes":""},"class_list":["post-662","page","type-page","status-publish","hentry"],"_links":{"self":[{"href":"http:\/\/wp.haarnet.de\/index.php?rest_route=\/wp\/v2\/pages\/662","targetHints":{"allow":["GET"]}}],"collection":[{"href":"http:\/\/wp.haarnet.de\/index.php?rest_route=\/wp\/v2\/pages"}],"about":[{"href":"http:\/\/wp.haarnet.de\/index.php?rest_route=\/wp\/v2\/types\/page"}],"author":[{"embeddable":true,"href":"http:\/\/wp.haarnet.de\/index.php?rest_route=\/wp\/v2\/users\/1"}],"replies":[{"embeddable":true,"href":"http:\/\/wp.haarnet.de\/index.php?rest_route=%2Fwp%2Fv2%2Fcomments&post=662"}],"version-history":[{"count":14,"href":"http:\/\/wp.haarnet.de\/index.php?rest_route=\/wp\/v2\/pages\/662\/revisions"}],"predecessor-version":[{"id":1073,"href":"http:\/\/wp.haarnet.de\/index.php?rest_route=\/wp\/v2\/pages\/662\/revisions\/1073"}],"wp:attachment":[{"href":"http:\/\/wp.haarnet.de\/index.php?rest_route=%2Fwp%2Fv2%2Fmedia&parent=662"}],"curies":[{"name":"wp","href":"https:\/\/api.w.org\/{rel}","templated":true}]}}